{"id":22292,"date":"2025-06-10T10:30:12","date_gmt":"2025-06-10T10:30:12","guid":{"rendered":"https:\/\/oroel.com\/economie-circulaire\/"},"modified":"2025-07-25T08:47:35","modified_gmt":"2025-07-25T08:47:35","slug":"economie-circulaire","status":"publish","type":"page","link":"https:\/\/oroel.com\/fr\/economie-circulaire\/","title":{"rendered":"\u00c9conomie circulaire"},"content":{"rendered":"\n<div class=\"gb-element-ca67adca\" style=\"--inline-bg-image: url(https:\/\/oroel.com\/wp-content\/uploads\/2025\/06\/economia-circular.png)\">\n<div class=\"gb-element-92483910\">\n<div class=\"gb-element-c0884ff7\">\n<h1 class=\"gb-text gb-text-d7d75871\">\u00c9conomie circulaire<\/h1>\n<\/div>\n\n\n\n<div class=\"gb-element-c149efab\"><\/div>\n<\/div>\n<\/div>\n\n<div>\n<div class=\"gb-element-155c21c2\">\n<div>\n<p class=\"gb-text\">Chez Oroel, en tant que premier fabricant espagnol de v\u00eatements de protection, nous avons d\u00e9cid\u00e9 de faire un pas de plus dans notre engagement \u00e0 prot\u00e9ger et \u00e0 \u00e9quiper les personnes de mani\u00e8re confortable, fonctionnelle, durable et avec un design attrayant. De cette mani\u00e8re, nous prolongeons cet engagement, mettant d\u00e9finitivement en avant notre respect de l\u2019environnement et d\u2019un monde durable et meilleur. <\/p>\n\n\n\n<p class=\"gb-text\">Oroel boucle la boucle est notre projet d\u2019int\u00e9grer la conception et la fabrication de v\u00eatements de protection dans les param\u00e8tres de l\u2019\u00e9conomie circulaire, sans perdre, en aucun cas, l\u2019essence de notre entreprise : connaissance, flexibilit\u00e9 et rentabilit\u00e9.<\/p>\n\n\n\n<p class=\"gb-text\">Apr\u00e8s 40 ans \u00e0 la t\u00eate du secteur de l\u2019habillement de protection, de travail et d\u2019image&nbsp;; et soutenus par une trajectoire commerciale de croissance durable et une vision des besoins futurs de notre secteur, nous offrons \u00e0 nos clients, et au march\u00e9 des v\u00eatements de protection, ECOROEL, notre engagement particulier en faveur d\u2019une gestion responsable et durable, que nous avons d\u00e9velopp\u00e9 selon les param\u00e8tres suivants :<\/p>\n\n\n\n<div class=\"gb-element-b1147c0d\">\n<div class=\"gb-element-4815282e\">\n<figure class=\"wp-block-image size-full\"><img loading=\"lazy\" decoding=\"async\" width=\"432\" height=\"500\" src=\"https:\/\/oroel.com\/wp-content\/uploads\/2025\/06\/ecoroel-cierra-el-circulo.png\" alt=\"\" class=\"wp-image-364\" srcset=\"https:\/\/oroel.com\/wp-content\/uploads\/2025\/06\/ecoroel-cierra-el-circulo.png 432w, https:\/\/oroel.com\/wp-content\/uploads\/2025\/06\/ecoroel-cierra-el-circulo-259x300.png 259w\" sizes=\"auto, (max-width: 432px) 100vw, 432px\" \/><\/figure>\n<\/div>\n\n\n\n<div class=\"gb-element-fc094fbd\">\n<ul class=\"wp-block-list\">\n<li>R\u00e9duire les d\u00e9chets polluants d\u00e8s la phase de conception et prendre en compte l\u2019impact<br\/>l\u2019impact environnemental d\u2019un produit tout au long de sa vie utile.<\/li>\n\n\n\n<li>Augmentation du temps d\u2019utilisation des produits. R\u00e9utiliser. R\u00e9paration. Entretien   <\/li>\n\n\n\n<li>Augmentation de la r\u00e9cup\u00e9ration et du recyclage, r\u00e9duisant l\u2019utilisation de nouvelles mati\u00e8res premi\u00e8res.<\/li>\n\n\n\n<li>Utilisation efficace des ressources naturelles, en \u00e9vitant et en r\u00e9duisant l\u2019utilisation de ressources non renouvelables.<br\/>De la m\u00eame mani\u00e8re que dans notre trajectoire tout au long de ces 40 ans, nous avons \u00e9t\u00e9 pionniers dans des \u00e9tapes aussi importantes que les certifications de v\u00eatements techniques, l\u2019obtention de l\u2019ISO 9000 en tant que certification de qualit\u00e9 et le d\u00e9veloppement de la location comme modalit\u00e9 d\u2019utilisation de nos v\u00eatements, le temps est venu d\u2019\u00eatre reconnu comme la premi\u00e8re entreprise de fabrication de v\u00eatements techniques \u00e0 d\u00e9velopper et \u00e0 mettre en \u0153uvre un plan strat\u00e9gique d\u2019\u00e9conomie circulaire Bas\u00e9 sur quatre axes principaux :<\/li>\n<\/ul>\n<\/div>\n<\/div>\n<\/div>\n<\/div>\n<\/div>\n\n<div class=\"gb-element-0480e6d6\" id=\"objetivos\">\n<div class=\"gb-element-513b4436\">\n<h2 class=\"gb-text gb-text-e27f2783\">Objectifs de durabilit\u00e9 2021-2025<\/h2>\n\n\n\n<div class=\"gb-element-3dee0807\">\n<div class=\"gb-element-54d8b835\">\n<img loading=\"lazy\" decoding=\"async\" width=\"170\" height=\"170\" class=\"gb-media-dc0cb1b5\" alt=\"\" src=\"https:\/\/oroel.com\/wp-content\/uploads\/2025\/06\/reciclable.svg\" title=\"recyclable\">\n\n\n\n<div class=\"gb-element-dbd47bb9\">\n<p class=\"gb-text gb-text-997eb4ed\">Promouvoir les textiles \u00e0 partir de fibres recycl\u00e9es par rapport aux textiles ordinaires<\/p>\n<\/div>\n<\/div>\n\n\n\n<div class=\"gb-element-cd7f5866\">\n<img loading=\"lazy\" decoding=\"async\" width=\"170\" height=\"170\" class=\"gb-media-4cda5206\" alt=\"\" src=\"https:\/\/oroel.com\/wp-content\/uploads\/2025\/06\/ropa.svg\" title=\"v\u00eatement\">\n\n\n\n<div class=\"gb-element-d9ebdb97\">\n<p class=\"gb-text gb-text-5fa5f36d\">Encourager la location par les clients plut\u00f4t que la fourniture ordinaire de v\u00eatements<\/p>\n<\/div>\n<\/div>\n\n\n\n<div class=\"gb-element-1df56ac6\">\n<img loading=\"lazy\" decoding=\"async\" width=\"170\" height=\"170\" class=\"gb-media-4835cb0c\" alt=\"\" src=\"https:\/\/oroel.com\/wp-content\/uploads\/2025\/06\/Recuperacion.svg\" title=\"R\u00e9cup\u00e9ration\">\n\n\n\n<div class=\"gb-element-fd530ef0\">\n<p class=\"gb-text gb-text-8538d64a\">\u00c9tudier et promouvoir la r\u00e9cup\u00e9ration des v\u00eatements que nous vendons apr\u00e8s leur dur\u00e9e de vie utile<\/p>\n<\/div>\n<\/div>\n<\/div>\n<\/div>\n<\/div>\n\n<div class=\"gb-element-400c4d2b\">\n<div class=\"gb-element-fb3a5abf\">\n<div class=\"gb-element-0371fabb\" id=\"reciclaje\">\n<div class=\"gb-element-f88d9fa1\">\n<h2 class=\"gb-text gb-text-c4a2f7d8\">recyclable<\/h2>\n\n\n\n<p class=\"gb-text gb-text-ad812a7c\">Nous fabriquons des v\u00eatements \u00e0 partir de tissus et d\u2019autres mat\u00e9riaux recycl\u00e9s.<\/p>\n<\/div>\n\n\n\n<div class=\"gb-element-effddb67\">\n<div class=\"gb-element-9aad789e\">\n<div class=\"gb-element-0c3342c6\">\n<figure class=\"wp-block-image size-large is-resized\"><img loading=\"lazy\" decoding=\"async\" width=\"60\" height=\"60\" src=\"https:\/\/oroel.com\/wp-content\/uploads\/2025\/06\/botella-de-plastico.svg\" alt=\"\" class=\"wp-image-385\" style=\"width:auto;height:80px\"\/><\/figure>\n\n\n\n<p class=\"gb-text gb-text-9cc419c3\">Recyclage des bouteilles en plastique<\/p>\n<\/div>\n\n\n\n<div class=\"gb-element-32d10792\">\n<figure class=\"wp-block-image size-large is-resized\"><img loading=\"lazy\" decoding=\"async\" width=\"511\" height=\"511\" src=\"https:\/\/oroel.com\/wp-content\/uploads\/2025\/06\/pellets-de-mineral-de-hierro.svg\" alt=\"\" class=\"wp-image-388\" style=\"width:auto;height:80px\"\/><\/figure>\n\n\n\n<p class=\"gb-text gb-text-9c861a6f\">Les bouteilles s\u2019effritent en flocons<\/p>\n<\/div>\n\n\n\n<div class=\"gb-element-29867fc3\">\n<figure class=\"wp-block-image size-large is-resized\"><img loading=\"lazy\" decoding=\"async\" width=\"511\" height=\"511\" src=\"https:\/\/oroel.com\/wp-content\/uploads\/2025\/06\/textil.svg\" alt=\"\" class=\"wp-image-389\" style=\"width:auto;height:80px\"\/><\/figure>\n\n\n\n<p class=\"gb-text gb-text-c5bdfa30\">Les \u00e9cailles fondent et se transforment en fibre<\/p>\n<\/div>\n\n\n\n<div class=\"gb-element-bc8bd7d5\">\n<figure class=\"wp-block-image size-large is-resized\"><img loading=\"lazy\" decoding=\"async\" width=\"512\" height=\"512\" src=\"https:\/\/oroel.com\/wp-content\/uploads\/2025\/06\/hilo.svg\" alt=\"\" class=\"wp-image-390\" style=\"width:auto;height:80px\"\/><\/figure>\n\n\n\n<p class=\"gb-text gb-text-66299abb\">La fibre devient du fil<\/p>\n<\/div>\n\n\n\n<div class=\"gb-element-ce16317c\">\n<figure class=\"wp-block-image size-large is-resized\"><img loading=\"lazy\" decoding=\"async\" width=\"682\" height=\"682\" src=\"https:\/\/oroel.com\/wp-content\/uploads\/2025\/06\/tela.svg\" alt=\"\" class=\"wp-image-387\" style=\"width:auto;height:80px\"\/><\/figure>\n\n\n\n<p class=\"gb-text gb-text-748582e5\">Fabrication de tissus<\/p>\n<\/div>\n\n\n\n<div class=\"gb-element-7fd1f881\">\n<figure class=\"wp-block-image size-large is-resized\"><img loading=\"lazy\" decoding=\"async\" width=\"64\" height=\"64\" src=\"https:\/\/oroel.com\/wp-content\/uploads\/2025\/06\/uniforme-de-bombero.svg\" alt=\"\" class=\"wp-image-386\" style=\"width:auto;height:80px\"\/><\/figure>\n\n\n\n<p class=\"gb-text gb-text-cb5eb9f1\">Nous fabriquons les v\u00eatements \u00e0 partir du fil<\/p>\n<\/div>\n<\/div>\n<\/div>\n<\/div>\n\n\n\n<div class=\"gb-element-e4dea520\" id=\"renting\">\n<div class=\"gb-element-3f9c5f9e\">\n<h2 class=\"gb-text gb-text-5e3bd0ce\">location<\/h2>\n\n\n\n<p class=\"gb-text gb-text-ea343381\">Location et entretien de v\u00eatements de protection, prolongeant la durabilit\u00e9 des v\u00eatements et g\u00e9n\u00e9rant moins de d\u00e9chets et de d\u00e9chets, avec moins de consommation d\u2019eau et de produits chimiques.<\/p>\n<\/div>\n\n\n\n<div class=\"gb-element-dbc4444c\">\n<div class=\"gb-element-a325900f\">\n<div class=\"gb-element-fd5a896b\">\n<figure class=\"wp-block-image size-large is-resized\"><img loading=\"lazy\" decoding=\"async\" width=\"64\" height=\"64\" src=\"https:\/\/oroel.com\/wp-content\/uploads\/2025\/06\/detergente.svg\" alt=\"\" class=\"wp-image-429\" style=\"width:auto;height:80px\"\/><\/figure>\n\n\n\n<p class=\"gb-text gb-text-72522549\"><strong>65%<\/strong><\/p>\n\n\n\n<p class=\"gb-text gb-text-05f5bfc6\">R\u00e9duction de l\u2019utilisation de d\u00e9tergent<\/p>\n<\/div>\n\n\n\n<div class=\"gb-element-fd2a8b60\">\n<figure class=\"wp-block-image size-large is-resized\"><img loading=\"lazy\" decoding=\"async\" width=\"64\" height=\"64\" src=\"https:\/\/oroel.com\/wp-content\/uploads\/2025\/06\/uniforme-de-bombero.svg\" alt=\"\" class=\"wp-image-386\" style=\"width:auto;height:80px\"\/><\/figure>\n\n\n\n<p class=\"gb-text gb-text-4eaedea4\"><strong>85 000 v\u00eatements<\/strong><\/p>\n\n\n\n<p class=\"gb-text gb-text-61674ea4\">Protection g\u00e9r\u00e9e par Oroel<\/p>\n<\/div>\n\n\n\n<div class=\"gb-element-41e9e5f8\">\n<figure class=\"wp-block-image size-large is-resized\"><img loading=\"lazy\" decoding=\"async\" width=\"512\" height=\"512\" src=\"https:\/\/oroel.com\/wp-content\/uploads\/2025\/06\/desperdicio.svg\" alt=\"\" class=\"wp-image-430\" style=\"width:auto;height:80px\"\/><\/figure>\n\n\n\n<p class=\"gb-text gb-text-70f5b017\"><strong>80%<\/strong><\/p>\n\n\n\n<p class=\"gb-text gb-text-fc1953dd\">R\u00e9duction des d\u00e9chets<\/p>\n<\/div>\n\n\n\n<div class=\"gb-element-35221559\">\n<figure class=\"wp-block-image size-large is-resized\"><img loading=\"lazy\" decoding=\"async\" width=\"512\" height=\"512\" src=\"https:\/\/oroel.com\/wp-content\/uploads\/2025\/06\/ahorrar-agua.svg\" alt=\"\" class=\"wp-image-431\" style=\"width:auto;height:80px\"\/><\/figure>\n\n\n\n<p class=\"gb-text gb-text-37569f4f\"><strong>50%<\/strong><\/p>\n\n\n\n<p class=\"gb-text gb-text-ab816387\">R\u00e9duction de la consommation d\u2019eau<\/p>\n<\/div>\n\n\n\n<div class=\"gb-element-ce5f8023\">\n<figure class=\"wp-block-image size-large is-resized\"><img loading=\"lazy\" decoding=\"async\" width=\"512\" height=\"512\" src=\"https:\/\/oroel.com\/wp-content\/uploads\/2025\/06\/bajo-rendimiento-1.svg\" alt=\"\" class=\"wp-image-433\" style=\"width:auto;height:80px\"\/><\/figure>\n\n\n\n<p class=\"gb-text gb-text-11c48d8e\"><strong>100%<\/strong><\/p>\n\n\n\n<p class=\"gb-text gb-text-69c3975d\">Dur\u00e9e de vie des v\u00eatements Utilisation<\/p>\n<\/div>\n\n\n\n<div class=\"gb-element-c72723a7\">\n<figure class=\"wp-block-image size-large is-resized\"><img loading=\"lazy\" decoding=\"async\" width=\"682\" height=\"682\" src=\"https:\/\/oroel.com\/wp-content\/uploads\/2025\/06\/trabajadores.svg\" alt=\"\" class=\"wp-image-432\" style=\"width:auto;height:80px\"\/><\/figure>\n\n\n\n<p class=\"gb-text gb-text-00bd0b40\"><strong>10 000 travailleurs<\/strong><\/p>\n\n\n\n<p class=\"gb-text gb-text-8e8bd9ca\">Entretien des v\u00eatements de 10 000 travailleurs<\/p>\n<\/div>\n<\/div>\n<\/div>\n<\/div>\n\n\n\n<div class=\"gb-element-d3f22071\" id=\"recuperacion\">\n<div class=\"gb-element-68bc5728\">\n<h2 class=\"gb-text gb-text-819435af\">r\u00e9cup\u00e9ration<\/h2>\n\n\n\n<p class=\"gb-text gb-text-ea944f17\">Produire des tissus techniques \u00e0 partir de fibres recycl\u00e9es de v\u00eatements usag\u00e9s, en offrant \u00e0 nos clients la possibilit\u00e9 d\u2019enlever les v\u00eatements obsol\u00e8tes dus \u00e0 l\u2019utilisation et la possibilit\u00e9 d\u2019incorporer les mat\u00e9riaux de l\u2019ancien v\u00eatement dans le nouveau. Certificat Z\u00e9ro D\u00e9chet par AENOR. <\/p>\n<\/div>\n\n\n\n<div class=\"gb-element-25fd54cd\">\n<div class=\"gb-element-fa603d0f\">\n<div class=\"gb-element-3a3ce337\">\n<figure class=\"wp-block-image size-large is-resized\"><img loading=\"lazy\" decoding=\"async\" width=\"60\" height=\"60\" src=\"https:\/\/oroel.com\/wp-content\/uploads\/2025\/06\/botella-de-plastico.svg\" alt=\"\" class=\"wp-image-385\" style=\"width:auto;height:80px\"\/><\/figure>\n\n\n\n<p class=\"gb-text gb-text-d231e2dc\">R\u00e9cup\u00e9ration des v\u00eatements des clients et des d\u00e9chets<\/p>\n<\/div>\n\n\n\n<div class=\"gb-element-258f5859\">\n<figure class=\"wp-block-image size-large is-resized\"><img loading=\"lazy\" decoding=\"async\" width=\"64\" height=\"64\" src=\"https:\/\/oroel.com\/wp-content\/uploads\/2025\/06\/roto.svg\" alt=\"\" class=\"wp-image-400\" style=\"width:auto;height:80px\"\/><\/figure>\n\n\n\n<p class=\"gb-text gb-text-990e5ebf\">Enl\u00e8vement de parties non textiles, d\u00e9coupe de v\u00eatements<\/p>\n<\/div>\n\n\n\n<div class=\"gb-element-88de1d5a\">\n<figure class=\"wp-block-image size-large is-resized\"><img loading=\"lazy\" decoding=\"async\" width=\"511\" height=\"511\" src=\"https:\/\/oroel.com\/wp-content\/uploads\/2025\/06\/textil.svg\" alt=\"\" class=\"wp-image-389\" style=\"width:auto;height:80px\"\/><\/figure>\n\n\n\n<p class=\"gb-text gb-text-57471324\">Transformation de la fibre recycl\u00e9e en flocage (fibre)<\/p>\n<\/div>\n\n\n\n<div class=\"gb-element-dd3eb159\">\n<figure class=\"wp-block-image size-large is-resized\"><img loading=\"lazy\" decoding=\"async\" width=\"512\" height=\"512\" src=\"https:\/\/oroel.com\/wp-content\/uploads\/2025\/06\/hilo.svg\" alt=\"\" class=\"wp-image-390\" style=\"width:auto;height:80px\"\/><\/figure>\n\n\n\n<p class=\"gb-text gb-text-145bd719\">Cr\u00e9ation d\u2019un fil \u00e0 partir de flocage de fibres recycl\u00e9es<\/p>\n<\/div>\n\n\n\n<div class=\"gb-element-89470a03\">\n<figure class=\"wp-block-image size-large is-resized\"><img loading=\"lazy\" decoding=\"async\" width=\"682\" height=\"682\" src=\"https:\/\/oroel.com\/wp-content\/uploads\/2025\/06\/tela.svg\" alt=\"\" class=\"wp-image-387\" style=\"width:auto;height:80px\"\/><\/figure>\n\n\n\n<p class=\"gb-text gb-text-6fdeebe4\">Fabrication de tissus<\/p>\n<\/div>\n\n\n\n<div class=\"gb-element-94c4cb40\">\n<figure class=\"wp-block-image size-large is-resized\"><img loading=\"lazy\" decoding=\"async\" width=\"64\" height=\"64\" src=\"https:\/\/oroel.com\/wp-content\/uploads\/2025\/06\/la-maquina-de-coser.svg\" alt=\"\" class=\"wp-image-402\" style=\"width:auto;height:80px\"\/><\/figure>\n\n\n\n<p class=\"gb-text gb-text-e78079ea\">Construction du v\u00eatement<\/p>\n<\/div>\n\n\n\n<div class=\"gb-element-3b9058d4\">\n<figure class=\"wp-block-image size-large is-resized\"><img loading=\"lazy\" decoding=\"async\" width=\"64\" height=\"64\" src=\"https:\/\/oroel.com\/wp-content\/uploads\/2025\/06\/uniforme-de-bombero.svg\" alt=\"\" class=\"wp-image-386\" style=\"width:auto;height:80px\"\/><\/figure>\n\n\n\n<p class=\"gb-text gb-text-5c323fc3\">Marketing de l\u2019habillement<\/p>\n<\/div>\n<\/div>\n<\/div>\n<\/div>\n<\/div>\n<\/div>\n","protected":false},"excerpt":{"rendered":"<p>\u00c9conomie circulaire Chez Oroel, en tant que premier fabricant espagnol de v\u00eatements de protection, nous avons d\u00e9cid\u00e9 de faire un pas de plus dans notre engagement \u00e0 prot\u00e9ger et \u00e0 \u00e9quiper les &#8230; <\/p>\n<p class=\"read-more-container\"><a title=\"\u00c9conomie circulaire\" class=\"read-more button\" href=\"https:\/\/oroel.com\/fr\/economie-circulaire\/#more-22292\" aria-label=\"En savoir plus sur \u00c9conomie circulaire\">Lire plus<\/a><\/p>\n","protected":false},"author":1,"featured_media":0,"parent":0,"menu_order":10,"comment_status":"closed","ping_status":"closed","template":"","meta":{"_acf_changed":false,"footnotes":""},"class_list":["post-22292","page","type-page","status-publish"],"acf":[],"_links":{"self":[{"href":"https:\/\/oroel.com\/fr\/wp-json\/wp\/v2\/pages\/22292","targetHints":{"allow":["GET"]}}],"collection":[{"href":"https:\/\/oroel.com\/fr\/wp-json\/wp\/v2\/pages"}],"about":[{"href":"https:\/\/oroel.com\/fr\/wp-json\/wp\/v2\/types\/page"}],"author":[{"embeddable":true,"href":"https:\/\/oroel.com\/fr\/wp-json\/wp\/v2\/users\/1"}],"replies":[{"embeddable":true,"href":"https:\/\/oroel.com\/fr\/wp-json\/wp\/v2\/comments?post=22292"}],"version-history":[{"count":2,"href":"https:\/\/oroel.com\/fr\/wp-json\/wp\/v2\/pages\/22292\/revisions"}],"predecessor-version":[{"id":22983,"href":"https:\/\/oroel.com\/fr\/wp-json\/wp\/v2\/pages\/22292\/revisions\/22983"}],"wp:attachment":[{"href":"https:\/\/oroel.com\/fr\/wp-json\/wp\/v2\/media?parent=22292"}],"curies":[{"name":"wp","href":"https:\/\/api.w.org\/{rel}","templated":true}]}}